{"id":3009,"date":"2020-12-11T11:51:28","date_gmt":"2020-12-11T10:51:28","guid":{"rendered":"https:\/\/wallandspace.org\/?page_id=3009"},"modified":"2021-02-18T11:27:55","modified_gmt":"2021-02-18T10:27:55","slug":"wall-space-e-v","status":"publish","type":"page","link":"https:\/\/wallandspace.org\/en\/","title":{"rendered":"Wall &#038; Space e.V."},"content":{"rendered":"\t\t<div data-elementor-type=\"wp-page\" data-elementor-id=\"3009\" class=\"elementor elementor-3009 elementor-59\">\n\t\t\t\t\t\t<section class=\"elementor-section elementor-top-section elementor-element elementor-element-b52f6d6 elementor-section-full_width elementor-section-stretched elementor-section-height-default elementor-section-height-default\" data-id=\"b52f6d6\" data-element_type=\"section\" data-settings=\"{&quot;stretch_section&quot;:&quot;section-stretched&quot;}\">\n\t\t\t\t\t\t<div class=\"elementor-container elementor-column-gap-no\">\n\t\t\t\t\t<div class=\"elementor-column elementor-col-50 elementor-top-column elementor-element elementor-element-8f0c370\" data-id=\"8f0c370\" data-element_type=\"column\" data-settings=\"{&quot;background_background&quot;:&quot;classic&quot;}\">\n\t\t\t<div class=\"elementor-widget-wrap\">\n\t\t\t\t\t\t\t<\/div>\n\t\t<\/div>\n\t\t\t\t<div class=\"elementor-column elementor-col-50 elementor-top-column elementor-element elementor-element-b5b3531\" data-id=\"b5b3531\" data-element_type=\"column\" data-settings=\"{&quot;background_background&quot;:&quot;classic&quot;}\">\n\t\t\t<div class=\"elementor-widget-wrap elementor-element-populated\">\n\t\t\t\t\t\t<div class=\"elementor-element elementor-element-65ee69b elementor-widget elementor-widget-spacer\" data-id=\"65ee69b\" data-element_type=\"widget\" data-widget_type=\"spacer.default\">\n\t\t\t\t<div class=\"elementor-widget-container\">\n\t\t\t\t\t\t\t<div class=\"elementor-spacer\">\n\t\t\t<div class=\"elementor-spacer-inner\"><\/div>\n\t\t<\/div>\n\t\t\t\t\t\t<\/div>\n\t\t\t\t<\/div>\n\t\t\t\t<div class=\"elementor-element elementor-element-fc49a4d elementor-widget elementor-widget-spacer\" data-id=\"fc49a4d\" data-element_type=\"widget\" data-widget_type=\"spacer.default\">\n\t\t\t\t<div class=\"elementor-widget-container\">\n\t\t\t\t\t\t\t<div class=\"elementor-spacer\">\n\t\t\t<div class=\"elementor-spacer-inner\"><\/div>\n\t\t<\/div>\n\t\t\t\t\t\t<\/div>\n\t\t\t\t<\/div>\n\t\t\t\t<section class=\"elementor-section elementor-inner-section elementor-element elementor-element-551f35e elementor-section-boxed elementor-section-height-default elementor-section-height-default\" data-id=\"551f35e\" data-element_type=\"section\">\n\t\t\t\t\t\t<div class=\"elementor-container elementor-column-gap-default\">\n\t\t\t\t\t<div class=\"elementor-column elementor-col-33 elementor-inner-column elementor-element elementor-element-4ba4e26\" data-id=\"4ba4e26\" data-element_type=\"column\">\n\t\t\t<div class=\"elementor-widget-wrap\">\n\t\t\t\t\t\t\t<\/div>\n\t\t<\/div>\n\t\t\t\t<div class=\"elementor-column elementor-col-66 elementor-inner-column elementor-element elementor-element-2f060ff\" data-id=\"2f060ff\" data-element_type=\"column\">\n\t\t\t<div class=\"elementor-widget-wrap elementor-element-populated\">\n\t\t\t\t\t\t<div class=\"elementor-element elementor-element-25e2979 elementor-widget elementor-widget-heading\" data-id=\"25e2979\" data-element_type=\"widget\" data-widget_type=\"heading.default\">\n\t\t\t\t<div class=\"elementor-widget-container\">\n\t\t\t\t\t<h2 class=\"elementor-heading-title elementor-size-default\">Who we are<\/h2>\t\t\t\t<\/div>\n\t\t\t\t<\/div>\n\t\t\t\t<div class=\"elementor-element elementor-element-831b785 elementor-widget elementor-widget-text-editor\" data-id=\"831b785\" data-element_type=\"widget\" data-widget_type=\"text-editor.default\">\n\t\t\t\t<div class=\"elementor-widget-container\">\n\t\t\t\t\t\t\t\t\t<p>We are an interdisciplinary team striving to make the world more colorful. We are convinced that the city is for everyone. Our actions activate, support and strengthen local people. We are a Halle city official of children and youth work.<\/p>\t\t\t\t\t\t\t\t<\/div>\n\t\t\t\t<\/div>\n\t\t\t\t\t<\/div>\n\t\t<\/div>\n\t\t\t\t\t<\/div>\n\t\t<\/section>\n\t\t\t\t<div class=\"elementor-element elementor-element-da9b655 elementor-widget elementor-widget-spacer\" data-id=\"da9b655\" data-element_type=\"widget\" data-widget_type=\"spacer.default\">\n\t\t\t\t<div class=\"elementor-widget-container\">\n\t\t\t\t\t\t\t<div class=\"elementor-spacer\">\n\t\t\t<div class=\"elementor-spacer-inner\"><\/div>\n\t\t<\/div>\n\t\t\t\t\t\t<\/div>\n\t\t\t\t<\/div>\n\t\t\t\t<div class=\"elementor-element elementor-element-2ee0501 elementor-widget elementor-widget-spacer\" data-id=\"2ee0501\" data-element_type=\"widget\" data-widget_type=\"spacer.default\">\n\t\t\t\t<div class=\"elementor-widget-container\">\n\t\t\t\t\t\t\t<div class=\"elementor-spacer\">\n\t\t\t<div class=\"elementor-spacer-inner\"><\/div>\n\t\t<\/div>\n\t\t\t\t\t\t<\/div>\n\t\t\t\t<\/div>\n\t\t\t\t\t<\/div>\n\t\t<\/div>\n\t\t\t\t\t<\/div>\n\t\t<\/section>\n\t\t\t\t<section class=\"elementor-section elementor-top-section elementor-element elementor-element-c00e6bc elementor-section-full_width elementor-section-stretched elementor-section-height-default elementor-section-height-default\" data-id=\"c00e6bc\" data-element_type=\"section\" data-settings=\"{&quot;stretch_section&quot;:&quot;section-stretched&quot;}\">\n\t\t\t\t\t\t<div class=\"elementor-container elementor-column-gap-no\">\n\t\t\t\t\t<div class=\"elementor-column elementor-col-50 elementor-top-column elementor-element elementor-element-e5768a5\" data-id=\"e5768a5\" data-element_type=\"column\" data-settings=\"{&quot;background_background&quot;:&quot;classic&quot;}\">\n\t\t\t<div class=\"elementor-widget-wrap elementor-element-populated\">\n\t\t\t\t\t\t<div class=\"elementor-element elementor-element-a6ef66a elementor-widget elementor-widget-spacer\" data-id=\"a6ef66a\" data-element_type=\"widget\" data-widget_type=\"spacer.default\">\n\t\t\t\t<div class=\"elementor-widget-container\">\n\t\t\t\t\t\t\t<div class=\"elementor-spacer\">\n\t\t\t<div class=\"elementor-spacer-inner\"><\/div>\n\t\t<\/div>\n\t\t\t\t\t\t<\/div>\n\t\t\t\t<\/div>\n\t\t\t\t<div class=\"elementor-element elementor-element-f50535c elementor-widget elementor-widget-spacer\" data-id=\"f50535c\" data-element_type=\"widget\" data-widget_type=\"spacer.default\">\n\t\t\t\t<div class=\"elementor-widget-container\">\n\t\t\t\t\t\t\t<div class=\"elementor-spacer\">\n\t\t\t<div class=\"elementor-spacer-inner\"><\/div>\n\t\t<\/div>\n\t\t\t\t\t\t<\/div>\n\t\t\t\t<\/div>\n\t\t\t\t<section class=\"elementor-section elementor-inner-section elementor-element elementor-element-ded5326 elementor-section-boxed elementor-section-height-default elementor-section-height-default\" data-id=\"ded5326\" data-element_type=\"section\">\n\t\t\t\t\t\t<div class=\"elementor-container elementor-column-gap-default\">\n\t\t\t\t\t<div class=\"elementor-column elementor-col-33 elementor-inner-column elementor-element elementor-element-1fb6fe4\" data-id=\"1fb6fe4\" data-element_type=\"column\">\n\t\t\t<div class=\"elementor-widget-wrap\">\n\t\t\t\t\t\t\t<\/div>\n\t\t<\/div>\n\t\t\t\t<div class=\"elementor-column elementor-col-66 elementor-inner-column elementor-element elementor-element-2f8b41d\" data-id=\"2f8b41d\" data-element_type=\"column\">\n\t\t\t<div class=\"elementor-widget-wrap elementor-element-populated\">\n\t\t\t\t\t\t<div class=\"elementor-element elementor-element-9da3195 elementor-widget elementor-widget-heading\" data-id=\"9da3195\" data-element_type=\"widget\" data-widget_type=\"heading.default\">\n\t\t\t\t<div class=\"elementor-widget-container\">\n\t\t\t\t\t<h2 class=\"elementor-heading-title elementor-size-default\">What we do<\/h2>\t\t\t\t<\/div>\n\t\t\t\t<\/div>\n\t\t\t\t<div class=\"elementor-element elementor-element-80a19c6 elementor-widget elementor-widget-text-editor\" data-id=\"80a19c6\" data-element_type=\"widget\" data-widget_type=\"text-editor.default\">\n\t\t\t\t<div class=\"elementor-widget-container\">\n\t\t\t\t\t\t\t\t\t<p style=\"text-align: right;\">Our work combines urban art and urban culture with education. We aspire to strengthen social cohesion and bring people together across generations. We use public space in our actions, because it is there for everyone and it&#8217;s where we can reach anyone &#8211; with workshops, interventions, lectures and concepts.\u00a0<\/p>\t\t\t\t\t\t\t\t<\/div>\n\t\t\t\t<\/div>\n\t\t\t\t\t<\/div>\n\t\t<\/div>\n\t\t\t\t\t<\/div>\n\t\t<\/section>\n\t\t\t\t<div class=\"elementor-element elementor-element-cdecb7c elementor-widget elementor-widget-spacer\" data-id=\"cdecb7c\" data-element_type=\"widget\" data-widget_type=\"spacer.default\">\n\t\t\t\t<div class=\"elementor-widget-container\">\n\t\t\t\t\t\t\t<div class=\"elementor-spacer\">\n\t\t\t<div class=\"elementor-spacer-inner\"><\/div>\n\t\t<\/div>\n\t\t\t\t\t\t<\/div>\n\t\t\t\t<\/div>\n\t\t\t\t<div class=\"elementor-element elementor-element-793ffcc elementor-widget elementor-widget-spacer\" data-id=\"793ffcc\" data-element_type=\"widget\" data-widget_type=\"spacer.default\">\n\t\t\t\t<div class=\"elementor-widget-container\">\n\t\t\t\t\t\t\t<div class=\"elementor-spacer\">\n\t\t\t<div class=\"elementor-spacer-inner\"><\/div>\n\t\t<\/div>\n\t\t\t\t\t\t<\/div>\n\t\t\t\t<\/div>\n\t\t\t\t\t<\/div>\n\t\t<\/div>\n\t\t\t\t<div class=\"elementor-column elementor-col-50 elementor-top-column elementor-element elementor-element-0ad741f\" data-id=\"0ad741f\" data-element_type=\"column\" data-settings=\"{&quot;background_background&quot;:&quot;classic&quot;}\">\n\t\t\t<div class=\"elementor-widget-wrap\">\n\t\t\t\t\t\t\t<\/div>\n\t\t<\/div>\n\t\t\t\t\t<\/div>\n\t\t<\/section>\n\t\t\t\t<section class=\"elementor-section elementor-top-section elementor-element elementor-element-cf612fa elementor-section-full_width elementor-section-stretched elementor-section-height-default elementor-section-height-default\" data-id=\"cf612fa\" data-element_type=\"section\" data-settings=\"{&quot;stretch_section&quot;:&quot;section-stretched&quot;}\">\n\t\t\t\t\t\t<div class=\"elementor-container elementor-column-gap-no\">\n\t\t\t\t\t<div class=\"elementor-column elementor-col-50 elementor-top-column elementor-element elementor-element-4c90660\" data-id=\"4c90660\" data-element_type=\"column\" data-settings=\"{&quot;background_background&quot;:&quot;classic&quot;}\">\n\t\t\t<div class=\"elementor-widget-wrap\">\n\t\t\t\t\t\t\t<\/div>\n\t\t<\/div>\n\t\t\t\t<div class=\"elementor-column elementor-col-50 elementor-top-column elementor-element elementor-element-4ae93de\" data-id=\"4ae93de\" data-element_type=\"column\" data-settings=\"{&quot;background_background&quot;:&quot;classic&quot;}\">\n\t\t\t<div class=\"elementor-widget-wrap elementor-element-populated\">\n\t\t\t\t\t\t<div class=\"elementor-element elementor-element-f9a0ed0 elementor-widget elementor-widget-spacer\" data-id=\"f9a0ed0\" data-element_type=\"widget\" data-widget_type=\"spacer.default\">\n\t\t\t\t<div class=\"elementor-widget-container\">\n\t\t\t\t\t\t\t<div class=\"elementor-spacer\">\n\t\t\t<div class=\"elementor-spacer-inner\"><\/div>\n\t\t<\/div>\n\t\t\t\t\t\t<\/div>\n\t\t\t\t<\/div>\n\t\t\t\t<div class=\"elementor-element elementor-element-b895d30 elementor-widget elementor-widget-spacer\" data-id=\"b895d30\" data-element_type=\"widget\" data-widget_type=\"spacer.default\">\n\t\t\t\t<div class=\"elementor-widget-container\">\n\t\t\t\t\t\t\t<div class=\"elementor-spacer\">\n\t\t\t<div class=\"elementor-spacer-inner\"><\/div>\n\t\t<\/div>\n\t\t\t\t\t\t<\/div>\n\t\t\t\t<\/div>\n\t\t\t\t<section class=\"elementor-section elementor-inner-section elementor-element elementor-element-0660230 elementor-section-boxed elementor-section-height-default elementor-section-height-default\" data-id=\"0660230\" data-element_type=\"section\">\n\t\t\t\t\t\t<div class=\"elementor-container elementor-column-gap-default\">\n\t\t\t\t\t<div class=\"elementor-column elementor-col-33 elementor-inner-column elementor-element elementor-element-d442233\" data-id=\"d442233\" data-element_type=\"column\">\n\t\t\t<div class=\"elementor-widget-wrap\">\n\t\t\t\t\t\t\t<\/div>\n\t\t<\/div>\n\t\t\t\t<div class=\"elementor-column elementor-col-66 elementor-inner-column elementor-element elementor-element-252901e\" data-id=\"252901e\" data-element_type=\"column\">\n\t\t\t<div class=\"elementor-widget-wrap elementor-element-populated\">\n\t\t\t\t\t\t<div class=\"elementor-element elementor-element-0126d1e elementor-widget elementor-widget-heading\" data-id=\"0126d1e\" data-element_type=\"widget\" data-widget_type=\"heading.default\">\n\t\t\t\t<div class=\"elementor-widget-container\">\n\t\t\t\t\t<h2 class=\"elementor-heading-title elementor-size-default\">How we work<\/h2>\t\t\t\t<\/div>\n\t\t\t\t<\/div>\n\t\t\t\t<div class=\"elementor-element elementor-element-a5fe790 elementor-widget elementor-widget-text-editor\" data-id=\"a5fe790\" data-element_type=\"widget\" data-widget_type=\"text-editor.default\">\n\t\t\t\t<div class=\"elementor-widget-container\">\n\t\t\t\t\t\t\t\t\t<p style=\"text-align: left;\">We work at eye level: with young and older participants, with network partners, with artists, with funding bodies, with each other as a team &#8211; locally, regionally and internationally &#8211; and with you!<\/p>\t\t\t\t\t\t\t\t<\/div>\n\t\t\t\t<\/div>\n\t\t\t\t\t<\/div>\n\t\t<\/div>\n\t\t\t\t\t<\/div>\n\t\t<\/section>\n\t\t\t\t<div class=\"elementor-element elementor-element-7c82a80 elementor-widget elementor-widget-spacer\" data-id=\"7c82a80\" data-element_type=\"widget\" data-widget_type=\"spacer.default\">\n\t\t\t\t<div class=\"elementor-widget-container\">\n\t\t\t\t\t\t\t<div class=\"elementor-spacer\">\n\t\t\t<div class=\"elementor-spacer-inner\"><\/div>\n\t\t<\/div>\n\t\t\t\t\t\t<\/div>\n\t\t\t\t<\/div>\n\t\t\t\t<div class=\"elementor-element elementor-element-ec136c9 elementor-widget elementor-widget-spacer\" data-id=\"ec136c9\" data-element_type=\"widget\" data-widget_type=\"spacer.default\">\n\t\t\t\t<div class=\"elementor-widget-container\">\n\t\t\t\t\t\t\t<div class=\"elementor-spacer\">\n\t\t\t<div class=\"elementor-spacer-inner\"><\/div>\n\t\t<\/div>\n\t\t\t\t\t\t<\/div>\n\t\t\t\t<\/div>\n\t\t\t\t\t<\/div>\n\t\t<\/div>\n\t\t\t\t\t<\/div>\n\t\t<\/section>\n\t\t\t\t<section class=\"elementor-section elementor-top-section elementor-element elementor-element-b95d4ed elementor-section-boxed elementor-section-height-default elementor-section-height-default\" data-id=\"b95d4ed\" data-element_type=\"section\">\n\t\t\t\t\t\t<div class=\"elementor-container elementor-column-gap-default\">\n\t\t\t\t\t<div class=\"elementor-column elementor-col-100 elementor-top-column elementor-element elementor-element-2a162ba\" data-id=\"2a162ba\" data-element_type=\"column\">\n\t\t\t<div class=\"elementor-widget-wrap elementor-element-populated\">\n\t\t\t\t\t\t<div class=\"elementor-element elementor-element-bf43fe5 elementor-widget elementor-widget-spacer\" data-id=\"bf43fe5\" data-element_type=\"widget\" data-widget_type=\"spacer.default\">\n\t\t\t\t<div class=\"elementor-widget-container\">\n\t\t\t\t\t\t\t<div class=\"elementor-spacer\">\n\t\t\t<div class=\"elementor-spacer-inner\"><\/div>\n\t\t<\/div>\n\t\t\t\t\t\t<\/div>\n\t\t\t\t<\/div>\n\t\t\t\t<div class=\"elementor-element elementor-element-e116aae elementor-widget elementor-widget-heading\" data-id=\"e116aae\" data-element_type=\"widget\" id=\"projects\" data-widget_type=\"heading.default\">\n\t\t\t\t<div class=\"elementor-widget-container\">\n\t\t\t\t\t<h2 class=\"elementor-heading-title elementor-size-default\">Projects<\/h2>\t\t\t\t<\/div>\n\t\t\t\t<\/div>\n\t\t\t\t\t<\/div>\n\t\t<\/div>\n\t\t\t\t\t<\/div>\n\t\t<\/section>\n\t\t\t\t<section class=\"elementor-section elementor-top-section elementor-element elementor-element-c9d7da8 elementor-section-boxed elementor-section-height-default elementor-section-height-default\" data-id=\"c9d7da8\" data-element_type=\"section\">\n\t\t\t\t\t\t<div class=\"elementor-container elementor-column-gap-default\">\n\t\t\t\t\t<div class=\"elementor-column elementor-col-100 elementor-top-column elementor-element elementor-element-f582822\" data-id=\"f582822\" data-element_type=\"column\">\n\t\t\t<div class=\"elementor-widget-wrap elementor-element-populated\">\n\t\t\t\t\t\t<div class=\"elementor-element elementor-element-993520b elementor-grid-eael-col-3 elementor-grid-tablet-eael-col-2 elementor-grid-mobile-eael-col-1 elementor-widget elementor-widget-eael-post-grid\" data-id=\"993520b\" data-element_type=\"widget\" data-settings=\"{&quot;eael_post_grid_columns&quot;:&quot;eael-col-3&quot;,&quot;eael_post_grid_columns_tablet&quot;:&quot;eael-col-2&quot;,&quot;eael_post_grid_columns_mobile&quot;:&quot;eael-col-1&quot;}\" data-widget_type=\"eael-post-grid.default\">\n\t\t\t\t<div class=\"elementor-widget-container\">\n\t\t\t\t\t<div id=\"eael-post-grid-993520b\" class=\"eael-post-grid-container\">\n            <div class=\"eael-post-grid eael-post-appender eael-post-appender-993520b eael-post-grid-style-one\" data-layout-mode=\"grid\"><article class=\"eael-grid-post  eael-post-grid-column eael-pg-post-4523\" data-id=\"4523\">\n        <div class=\"eael-grid-post-holder\">\n            <div class=\"eael-grid-post-holder-inner\"><div class=\"eael-entry-media\"><div class=\"eael-entry-overlay fade-in\"><i class=\"fas fa-long-arrow-alt-right\" aria-hidden=\"true\"><\/i><a href=\"https:\/\/wallandspace.org\/en\/projects\/beyond-plattenbau\/\"><\/a><\/div><div class=\"eael-entry-thumbnail \">\n                <img fetchpriority=\"high\" decoding=\"async\" width=\"640\" height=\"640\" src=\"https:\/\/wallandspace.org\/wp-content\/uploads\/2023\/12\/Kein-Titel-1080-x-1350-px-640x640.jpg\" class=\"attachment-projectgallery size-projectgallery wp-image-4432\" alt=\"\" srcset=\"https:\/\/wallandspace.org\/wp-content\/uploads\/2023\/12\/Kein-Titel-1080-x-1350-px-640x640.jpg 640w, https:\/\/wallandspace.org\/wp-content\/uploads\/2023\/12\/Kein-Titel-1080-x-1350-px-150x150.jpg 150w\" sizes=\"(max-width: 640px) 100vw, 640px\" \/>\n            <\/div>\n        <\/div><div class=\"eael-entry-wrapper\"><header class=\"eael-entry-header\"><h2 class=\"eael-entry-title\"><a class=\"eael-grid-post-link\" href=\"https:\/\/wallandspace.org\/en\/projects\/beyond-plattenbau\/\" title=\"Beyond Plattenbau\">Beyond Plattenbau<\/a><\/h2><\/header><div class=\"eael-entry-content\">\n                        <div class=\"eael-grid-post-excerpt\"><p>An exhibition as part of 60 years of Halle-Neustadt with listening stations from 20 interviews, photos by Gudrun Hensling and lots of hands-on activities.<\/p><a href=\"https:\/\/wallandspace.org\/en\/projects\/beyond-plattenbau\/\" class=\"eael-post-elements-readmore-btn\">more info<\/a><\/div>\n                    <\/div><\/div><\/div>\n        <\/div>\n    <\/article><article class=\"eael-grid-post  eael-post-grid-column eael-pg-post-4976\" data-id=\"4976\">\n        <div class=\"eael-grid-post-holder\">\n            <div class=\"eael-grid-post-holder-inner\"><div class=\"eael-entry-media\"><div class=\"eael-entry-overlay fade-in\"><i class=\"fas fa-long-arrow-alt-right\" aria-hidden=\"true\"><\/i><a href=\"https:\/\/wallandspace.org\/en\/projects\/workshopformate\/\"><\/a><\/div><div class=\"eael-entry-thumbnail \">\n                <img decoding=\"async\" width=\"640\" height=\"640\" src=\"https:\/\/wallandspace.org\/wp-content\/uploads\/2025\/07\/Freiraumgalerie_Foto_II_Ina_Treihse-640x640.jpg\" class=\"attachment-projectgallery size-projectgallery wp-image-5294\" alt=\"\" srcset=\"https:\/\/wallandspace.org\/wp-content\/uploads\/2025\/07\/Freiraumgalerie_Foto_II_Ina_Treihse-640x640.jpg 640w, https:\/\/wallandspace.org\/wp-content\/uploads\/2025\/07\/Freiraumgalerie_Foto_II_Ina_Treihse-150x150.jpg 150w\" sizes=\"(max-width: 640px) 100vw, 640px\" \/>\n            <\/div>\n        <\/div><div class=\"eael-entry-wrapper\"><header class=\"eael-entry-header\"><h2 class=\"eael-entry-title\"><a class=\"eael-grid-post-link\" href=\"https:\/\/wallandspace.org\/en\/projects\/workshopformate\/\" title=\"Workshopformate\">Workshopformate<\/a><\/h2><\/header><div class=\"eael-entry-content\">\n                        <div class=\"eael-grid-post-excerpt\"><p>Wir bieten unterschiedliche und individuell abgestimmte Workshops f\u00fcr Gruppen im Bereich Graffiti Writing und Wandmalerei an.<\/p><a href=\"https:\/\/wallandspace.org\/en\/projects\/workshopformate\/\" class=\"eael-post-elements-readmore-btn\">more info<\/a><\/div>\n                    <\/div><\/div><\/div>\n        <\/div>\n    <\/article><article class=\"eael-grid-post  eael-post-grid-column eael-pg-post-4938\" data-id=\"4938\">\n        <div class=\"eael-grid-post-holder\">\n            <div class=\"eael-grid-post-holder-inner\"><div class=\"eael-entry-media\"><div class=\"eael-entry-overlay fade-in\"><i class=\"fas fa-long-arrow-alt-right\" aria-hidden=\"true\"><\/i><a href=\"https:\/\/wallandspace.org\/en\/projects\/programm-blockparty-in-der-meisdorfer-strasse-11-juli-25\/\"><\/a><\/div><div class=\"eael-entry-thumbnail \">\n                <img decoding=\"async\" width=\"640\" height=\"640\" src=\"https:\/\/wallandspace.org\/wp-content\/uploads\/2025\/06\/Blockparty-11.-Juli-2025_Foto-Julia-Fenske-107-640x640.jpg\" class=\"attachment-projectgallery size-projectgallery wp-image-5003\" alt=\"\" srcset=\"https:\/\/wallandspace.org\/wp-content\/uploads\/2025\/06\/Blockparty-11.-Juli-2025_Foto-Julia-Fenske-107-640x640.jpg 640w, https:\/\/wallandspace.org\/wp-content\/uploads\/2025\/06\/Blockparty-11.-Juli-2025_Foto-Julia-Fenske-107-150x150.jpg 150w\" sizes=\"(max-width: 640px) 100vw, 640px\" \/>\n            <\/div>\n        <\/div><div class=\"eael-entry-wrapper\"><header class=\"eael-entry-header\"><h2 class=\"eael-entry-title\"><a class=\"eael-grid-post-link\" href=\"https:\/\/wallandspace.org\/en\/projects\/programm-blockparty-in-der-meisdorfer-strasse-11-juli-25\/\" title=\"Sommer-Blockparty in Halle-Neustadt &#8211; summer in the city!\">Sommer-Blockparty in Halle-Neustadt &#8211; summer in the city!<\/a><\/h2><\/header><div class=\"eael-entry-content\">\n                        <div class=\"eael-grid-post-excerpt\"><p>Am Freitag, 11. Juli 2025, wurde die Meisdorfer Stra\u00dfe in Halle\u2011Neustadt zum lebendigen Zentrum: Von 16:00 bis 21:00 Uhr feierten Anwohner:innen, G\u00e4st:innen und Projektpartner:innen eine Sommer-Blockparty, die ganz im Zeichen von Schw\u00e4nen statt.<\/p><a href=\"https:\/\/wallandspace.org\/en\/projects\/programm-blockparty-in-der-meisdorfer-strasse-11-juli-25\/\" class=\"eael-post-elements-readmore-btn\">more info<\/a><\/div>\n                    <\/div><\/div><\/div>\n        <\/div>\n    <\/article><article class=\"eael-grid-post  eael-post-grid-column eael-pg-post-4923\" data-id=\"4923\">\n        <div class=\"eael-grid-post-holder\">\n            <div class=\"eael-grid-post-holder-inner\"><div class=\"eael-entry-media\"><div class=\"eael-entry-overlay fade-in\"><i class=\"fas fa-long-arrow-alt-right\" aria-hidden=\"true\"><\/i><a href=\"https:\/\/wallandspace.org\/en\/projects\/save-the-date-summer-block-party-on-the-11th-of-july-2025\/\"><\/a><\/div><div class=\"eael-entry-thumbnail \">\n                <img loading=\"lazy\" decoding=\"async\" width=\"640\" height=\"640\" src=\"https:\/\/wallandspace.org\/wp-content\/uploads\/2025\/04\/Flug-der-Schwaene-2024-1-640x640.jpg\" class=\"attachment-projectgallery size-projectgallery wp-image-4916\" alt=\"\" srcset=\"https:\/\/wallandspace.org\/wp-content\/uploads\/2025\/04\/Flug-der-Schwaene-2024-1-640x640.jpg 640w, https:\/\/wallandspace.org\/wp-content\/uploads\/2025\/04\/Flug-der-Schwaene-2024-1-150x150.jpg 150w\" sizes=\"(max-width: 640px) 100vw, 640px\" \/>\n            <\/div>\n        <\/div><div class=\"eael-entry-wrapper\"><header class=\"eael-entry-header\"><h2 class=\"eael-entry-title\"><a class=\"eael-grid-post-link\" href=\"https:\/\/wallandspace.org\/en\/projects\/save-the-date-summer-block-party-on-the-11th-of-july-2025\/\" title=\"Save the Date: summer block party on the 11th of July 2025\">Save the Date: summer block party on the 11th of July 2025<\/a><\/h2><\/header><div class=\"eael-entry-content\">\n                        <div class=\"eael-grid-post-excerpt\"><p>Summer is here - and we're celebrating it in the middle of Halle-Neustadt! Where the new mural \u201cFlight of the Swans\u201d was created - a homage to Heinz M\u00f6hrdel's work from 1984 - we invite you on a journey of discovery between the analog world and digital space.<\/p><a href=\"https:\/\/wallandspace.org\/en\/projects\/save-the-date-summer-block-party-on-the-11th-of-july-2025\/\" class=\"eael-post-elements-readmore-btn\">more info<\/a><\/div>\n                    <\/div><\/div><\/div>\n        <\/div>\n    <\/article><article class=\"eael-grid-post  eael-post-grid-column eael-pg-post-4829\" data-id=\"4829\">\n        <div class=\"eael-grid-post-holder\">\n            <div class=\"eael-grid-post-holder-inner\"><div class=\"eael-entry-media\"><div class=\"eael-entry-overlay fade-in\"><i class=\"fas fa-long-arrow-alt-right\" aria-hidden=\"true\"><\/i><a href=\"https:\/\/wallandspace.org\/en\/projects\/blockparty-am-meeresbrunnen\/\"><\/a><\/div><div class=\"eael-entry-thumbnail \">\n                <img loading=\"lazy\" decoding=\"async\" width=\"640\" height=\"640\" src=\"https:\/\/wallandspace.org\/wp-content\/uploads\/2025\/04\/Blockparty-2024_15.Nov-3-2-640x640.jpg\" class=\"attachment-projectgallery size-projectgallery wp-image-4926\" alt=\"\" srcset=\"https:\/\/wallandspace.org\/wp-content\/uploads\/2025\/04\/Blockparty-2024_15.Nov-3-2-640x640.jpg 640w, https:\/\/wallandspace.org\/wp-content\/uploads\/2025\/04\/Blockparty-2024_15.Nov-3-2-300x300.jpg 300w, https:\/\/wallandspace.org\/wp-content\/uploads\/2025\/04\/Blockparty-2024_15.Nov-3-2-1024x1024.jpg 1024w, https:\/\/wallandspace.org\/wp-content\/uploads\/2025\/04\/Blockparty-2024_15.Nov-3-2-150x150.jpg 150w, https:\/\/wallandspace.org\/wp-content\/uploads\/2025\/04\/Blockparty-2024_15.Nov-3-2-768x768.jpg 768w, https:\/\/wallandspace.org\/wp-content\/uploads\/2025\/04\/Blockparty-2024_15.Nov-3-2-1536x1536.jpg 1536w, https:\/\/wallandspace.org\/wp-content\/uploads\/2025\/04\/Blockparty-2024_15.Nov-3-2-2048x2048.jpg 2048w, https:\/\/wallandspace.org\/wp-content\/uploads\/2025\/04\/Blockparty-2024_15.Nov-3-2-1200x1200.jpg 1200w, https:\/\/wallandspace.org\/wp-content\/uploads\/2025\/04\/Blockparty-2024_15.Nov-3-2-1980x1980.jpg 1980w\" sizes=\"(max-width: 640px) 100vw, 640px\" \/>\n            <\/div>\n        <\/div><div class=\"eael-entry-wrapper\"><header class=\"eael-entry-header\"><h2 class=\"eael-entry-title\"><a class=\"eael-grid-post-link\" href=\"https:\/\/wallandspace.org\/en\/projects\/blockparty-am-meeresbrunnen\/\" title=\"Blockparty am Meeresbrunnen\">Blockparty am Meeresbrunnen<\/a><\/h2><\/header><div class=\"eael-entry-content\">\n                        <div class=\"eael-grid-post-excerpt\"><p>Halle-Neustadt hat geleuchtet \u2013 erfolgreiche Blockparty am Meeresbrunnen - was f\u00fcr ein Abend! Am Freitag, den 15. November 2024, wurde die Kreuzung Zur Saaleaue \/ Am Meeresbrunnen in Halle-Neustadt zur B\u00fchne f\u00fcr ein buntes und leuchtendes Fest: Unsere Blockparty war ein voller Erfolg!<\/p><a href=\"https:\/\/wallandspace.org\/en\/projects\/blockparty-am-meeresbrunnen\/\" class=\"eael-post-elements-readmore-btn\">more info<\/a><\/div>\n                    <\/div><\/div><\/div>\n        <\/div>\n    <\/article><article class=\"eael-grid-post  eael-post-grid-column eael-pg-post-4725\" data-id=\"4725\">\n        <div class=\"eael-grid-post-holder\">\n            <div class=\"eael-grid-post-holder-inner\"><div class=\"eael-entry-media\"><div class=\"eael-entry-overlay fade-in\"><i class=\"fas fa-long-arrow-alt-right\" aria-hidden=\"true\"><\/i><a href=\"https:\/\/wallandspace.org\/en\/projects\/blockparty-am-campus-halle-neustadt\/\"><\/a><\/div><div class=\"eael-entry-thumbnail \">\n                <img loading=\"lazy\" decoding=\"async\" width=\"640\" height=\"640\" src=\"https:\/\/wallandspace.org\/wp-content\/uploads\/2025\/03\/Foto_Blockparty-28.03.25_Fotograf_Stephan-Retzlaff-2-640x640.jpg\" class=\"attachment-projectgallery size-projectgallery wp-image-4866\" alt=\"\" srcset=\"https:\/\/wallandspace.org\/wp-content\/uploads\/2025\/03\/Foto_Blockparty-28.03.25_Fotograf_Stephan-Retzlaff-2-640x640.jpg 640w, https:\/\/wallandspace.org\/wp-content\/uploads\/2025\/03\/Foto_Blockparty-28.03.25_Fotograf_Stephan-Retzlaff-2-150x150.jpg 150w\" sizes=\"(max-width: 640px) 100vw, 640px\" \/>\n            <\/div>\n        <\/div><div class=\"eael-entry-wrapper\"><header class=\"eael-entry-header\"><h2 class=\"eael-entry-title\"><a class=\"eael-grid-post-link\" href=\"https:\/\/wallandspace.org\/en\/projects\/blockparty-am-campus-halle-neustadt\/\" title=\"Blockparty am Campus Halle-Neustadt\">Blockparty am Campus Halle-Neustadt<\/a><\/h2><\/header><div class=\"eael-entry-content\">\n                        <div class=\"eael-grid-post-excerpt\"><p>Wir freuen uns riesig \u00fcber die gro\u00dfartige Resonanz auf unserer Blockparty am 28. M\u00e4rz 2025 Kreuzung Kastanienallee\/Richard-Paulick-Stra\u00dfe \u2013 \u00fcber 400 Menschen haben gemeinsam mit uns den Kiez gefeiert! Das bunte Programm war vollgepackt mit spannenden Beitr\u00e4gen von engagierten Akteur:innen aus Halle-Neustadt.<\/p><a href=\"https:\/\/wallandspace.org\/en\/projects\/blockparty-am-campus-halle-neustadt\/\" class=\"eael-post-elements-readmore-btn\">more info<\/a><\/div>\n                    <\/div><\/div><\/div>\n        <\/div>\n    <\/article><article class=\"eael-grid-post  eael-post-grid-column eael-pg-post-4349\" data-id=\"4349\">\n        <div class=\"eael-grid-post-holder\">\n            <div class=\"eael-grid-post-holder-inner\"><div class=\"eael-entry-media\"><div class=\"eael-entry-overlay fade-in\"><i class=\"fas fa-long-arrow-alt-right\" aria-hidden=\"true\"><\/i><a href=\"https:\/\/wallandspace.org\/en\/projects\/beamerhacks-giant\/\"><\/a><\/div><div class=\"eael-entry-thumbnail \">\n                <img loading=\"lazy\" decoding=\"async\" width=\"640\" height=\"640\" src=\"https:\/\/wallandspace.org\/wp-content\/uploads\/2024\/05\/msg329120058-180890-640x640.jpg\" class=\"attachment-projectgallery size-projectgallery wp-image-4387\" alt=\"\" srcset=\"https:\/\/wallandspace.org\/wp-content\/uploads\/2024\/05\/msg329120058-180890-640x640.jpg 640w, https:\/\/wallandspace.org\/wp-content\/uploads\/2024\/05\/msg329120058-180890-150x150.jpg 150w\" sizes=\"(max-width: 640px) 100vw, 640px\" \/>\n            <\/div>\n        <\/div><div class=\"eael-entry-wrapper\"><header class=\"eael-entry-header\"><h2 class=\"eael-entry-title\"><a class=\"eael-grid-post-link\" href=\"https:\/\/wallandspace.org\/en\/projects\/beamerhacks-giant\/\" title=\"BeamerHacks GIANT\">BeamerHacks GIANT<\/a><\/h2><\/header><div class=\"eael-entry-content\">\n                        <div class=\"eael-grid-post-excerpt\"><p>Fotografie, Green Screen, Projektionmappingsoftware, Beamer und gegenseitiges Helfen standen bei diesem Projekt in Halle-Neustadt im Mittelpunkt.<\/p><a href=\"https:\/\/wallandspace.org\/en\/projects\/beamerhacks-giant\/\" class=\"eael-post-elements-readmore-btn\">more info<\/a><\/div>\n                    <\/div><\/div><\/div>\n        <\/div>\n    <\/article><article class=\"eael-grid-post  eael-post-grid-column eael-pg-post-4522\" data-id=\"4522\">\n        <div class=\"eael-grid-post-holder\">\n            <div class=\"eael-grid-post-holder-inner\"><div class=\"eael-entry-media\"><div class=\"eael-entry-overlay fade-in\"><i class=\"fas fa-long-arrow-alt-right\" aria-hidden=\"true\"><\/i><a href=\"https:\/\/wallandspace.org\/en\/projects\/48-saulen-der-gesellschaft\/\"><\/a><\/div><div class=\"eael-entry-thumbnail \">\n                <img loading=\"lazy\" decoding=\"async\" width=\"640\" height=\"640\" src=\"https:\/\/wallandspace.org\/wp-content\/uploads\/2024\/05\/mini-quadrat-640x640.jpg\" class=\"attachment-projectgallery size-projectgallery wp-image-4823\" alt=\"\" srcset=\"https:\/\/wallandspace.org\/wp-content\/uploads\/2024\/05\/mini-quadrat-640x640.jpg 640w, https:\/\/wallandspace.org\/wp-content\/uploads\/2024\/05\/mini-quadrat-150x150.jpg 150w\" sizes=\"(max-width: 640px) 100vw, 640px\" \/>\n            <\/div>\n        <\/div><div class=\"eael-entry-wrapper\"><header class=\"eael-entry-header\"><h2 class=\"eael-entry-title\"><a class=\"eael-grid-post-link\" href=\"https:\/\/wallandspace.org\/en\/projects\/48-saulen-der-gesellschaft\/\" title=\"48 S\u00e4ulen der Gesellschaft\">48 S\u00e4ulen der Gesellschaft<\/a><\/h2><\/header><div class=\"eael-entry-content\">\n                        <div class=\"eael-grid-post-excerpt\"><p>To mark the 60th anniversary of Halle-Neustadt, we will artistically design all 48 pillars of the lower level for pedestrians of the Neust\u00e4dter Passage in September 2024 as part of a cooperative festival.<\/p><a href=\"https:\/\/wallandspace.org\/en\/projects\/48-saulen-der-gesellschaft\/\" class=\"eael-post-elements-readmore-btn\">more info<\/a><\/div>\n                    <\/div><\/div><\/div>\n        <\/div>\n    <\/article><article class=\"eael-grid-post  eael-post-grid-column eael-pg-post-5305\" data-id=\"5305\">\n        <div class=\"eael-grid-post-holder\">\n            <div class=\"eael-grid-post-holder-inner\"><div class=\"eael-entry-media\"><div class=\"eael-entry-overlay fade-in\"><i class=\"fas fa-long-arrow-alt-right\" aria-hidden=\"true\"><\/i><a href=\"https:\/\/wallandspace.org\/en\/projects\/bring-your-own-light-neustaedter-passage-19-12-25-16-20-uhr\/\"><\/a><\/div><div class=\"eael-entry-thumbnail \">\n                <img loading=\"lazy\" decoding=\"async\" width=\"640\" height=\"640\" src=\"https:\/\/wallandspace.org\/wp-content\/uploads\/2025\/12\/Blockparty_Bring-your-own-light_19.12.25_Foto-Stephan-Retzlaff-3-1-640x640.jpg\" class=\"attachment-projectgallery size-projectgallery wp-image-5666\" alt=\"\" srcset=\"https:\/\/wallandspace.org\/wp-content\/uploads\/2025\/12\/Blockparty_Bring-your-own-light_19.12.25_Foto-Stephan-Retzlaff-3-1-640x640.jpg 640w, https:\/\/wallandspace.org\/wp-content\/uploads\/2025\/12\/Blockparty_Bring-your-own-light_19.12.25_Foto-Stephan-Retzlaff-3-1-150x150.jpg 150w\" sizes=\"(max-width: 640px) 100vw, 640px\" \/>\n            <\/div>\n        <\/div><div class=\"eael-entry-wrapper\"><header class=\"eael-entry-header\"><h2 class=\"eael-entry-title\"><a class=\"eael-grid-post-link\" href=\"https:\/\/wallandspace.org\/en\/projects\/bring-your-own-light-neustaedter-passage-19-12-25-16-20-uhr\/\" title=\"Bring your own Light &#8211; Dez. &#8217;25\">Bring your own Light &#8211; Dez. &#8217;25<\/a><\/h2><\/header><div class=\"eael-entry-content\">\n                        <div class=\"eael-grid-post-excerpt\"><p>Zusammen mit dem Wintermarkt auf dem Stadtplatz haben wir im Dezember 2025 f\u00fcr weihnachtliche Stimmung und viel Licht in der Neust\u00e4dter Passage gesorgt. Beamer und Polylux und mitgebrachte Fotos und Ideen von Menschen aus Halle-Neustadt und Halle haben die Neust\u00e4dter Passage zum Leuchten gebracht.<\/p><a href=\"https:\/\/wallandspace.org\/en\/projects\/bring-your-own-light-neustaedter-passage-19-12-25-16-20-uhr\/\" class=\"eael-post-elements-readmore-btn\">more info<\/a><\/div>\n                    <\/div><\/div><\/div>\n        <\/div>\n    <\/article><article class=\"eael-grid-post  eael-post-grid-column eael-pg-post-5416\" data-id=\"5416\">\n        <div class=\"eael-grid-post-holder\">\n            <div class=\"eael-grid-post-holder-inner\"><div class=\"eael-entry-media\"><div class=\"eael-entry-overlay fade-in\"><i class=\"fas fa-long-arrow-alt-right\" aria-hidden=\"true\"><\/i><a href=\"https:\/\/wallandspace.org\/en\/projects\/open-call-lichtfestival-neustadt\/\"><\/a><\/div><div class=\"eael-entry-thumbnail \">\n                <img loading=\"lazy\" decoding=\"async\" width=\"640\" height=\"640\" src=\"https:\/\/wallandspace.org\/wp-content\/uploads\/2025\/12\/kachel-640x640.jpg\" class=\"attachment-projectgallery size-projectgallery wp-image-5423\" alt=\"\" srcset=\"https:\/\/wallandspace.org\/wp-content\/uploads\/2025\/12\/kachel-640x640.jpg 640w, https:\/\/wallandspace.org\/wp-content\/uploads\/2025\/12\/kachel-300x300.jpg 300w, https:\/\/wallandspace.org\/wp-content\/uploads\/2025\/12\/kachel-150x150.jpg 150w, https:\/\/wallandspace.org\/wp-content\/uploads\/2025\/12\/kachel-768x768.jpg 768w, https:\/\/wallandspace.org\/wp-content\/uploads\/2025\/12\/kachel.jpg 1000w\" sizes=\"(max-width: 640px) 100vw, 640px\" \/>\n            <\/div>\n        <\/div><div class=\"eael-entry-wrapper\"><header class=\"eael-entry-header\"><h2 class=\"eael-entry-title\"><a class=\"eael-grid-post-link\" href=\"https:\/\/wallandspace.org\/en\/projects\/open-call-lichtfestival-neustadt\/\" title=\"Open Call \u2013 Lichtfestival Neustadt\">Open Call \u2013 Lichtfestival Neustadt<\/a><\/h2><\/header><div class=\"eael-entry-content\">\n                        <div class=\"eael-grid-post-excerpt\"><p>Infos zum Open Call f\u00fcr die Residency zum Lichtfestival Oktober 2026.<\/p><a href=\"https:\/\/wallandspace.org\/en\/projects\/open-call-lichtfestival-neustadt\/\" class=\"eael-post-elements-readmore-btn\">more info<\/a><\/div>\n                    <\/div><\/div><\/div>\n        <\/div>\n    <\/article><article class=\"eael-grid-post  eael-post-grid-column eael-pg-post-5546\" data-id=\"5546\">\n        <div class=\"eael-grid-post-holder\">\n            <div class=\"eael-grid-post-holder-inner\"><div class=\"eael-entry-media\"><div class=\"eael-entry-overlay fade-in\"><i class=\"fas fa-long-arrow-alt-right\" aria-hidden=\"true\"><\/i><a href=\"https:\/\/wallandspace.org\/en\/projects\/open-call-light-festival-neustadt\/\"><\/a><\/div><div class=\"eael-entry-thumbnail \">\n                <img loading=\"lazy\" decoding=\"async\" width=\"640\" height=\"640\" src=\"https:\/\/wallandspace.org\/wp-content\/uploads\/2025\/12\/kachel-640x640.jpg\" class=\"attachment-projectgallery size-projectgallery wp-image-5423\" alt=\"\" srcset=\"https:\/\/wallandspace.org\/wp-content\/uploads\/2025\/12\/kachel-640x640.jpg 640w, https:\/\/wallandspace.org\/wp-content\/uploads\/2025\/12\/kachel-300x300.jpg 300w, https:\/\/wallandspace.org\/wp-content\/uploads\/2025\/12\/kachel-150x150.jpg 150w, https:\/\/wallandspace.org\/wp-content\/uploads\/2025\/12\/kachel-768x768.jpg 768w, https:\/\/wallandspace.org\/wp-content\/uploads\/2025\/12\/kachel.jpg 1000w\" sizes=\"(max-width: 640px) 100vw, 640px\" \/>\n            <\/div>\n        <\/div><div class=\"eael-entry-wrapper\"><header class=\"eael-entry-header\"><h2 class=\"eael-entry-title\"><a class=\"eael-grid-post-link\" href=\"https:\/\/wallandspace.org\/en\/projects\/open-call-light-festival-neustadt\/\" title=\"Open Call \u2013 Light Festival Neustadt\">Open Call \u2013 Light Festival Neustadt<\/a><\/h2><\/header><div class=\"eael-entry-content\">\n                        <div class=\"eael-grid-post-excerpt\"><p>Information on the open call for the residency for the Light Festival in October 2026.<\/p><a href=\"https:\/\/wallandspace.org\/en\/projects\/open-call-light-festival-neustadt\/\" class=\"eael-post-elements-readmore-btn\">more info<\/a><\/div>\n                    <\/div><\/div><\/div>\n        <\/div>\n    <\/article><article class=\"eael-grid-post  eael-post-grid-column eael-pg-post-5678\" data-id=\"5678\">\n        <div class=\"eael-grid-post-holder\">\n            <div class=\"eael-grid-post-holder-inner\"><div class=\"eael-entry-media\"><div class=\"eael-entry-overlay fade-in\"><i class=\"fas fa-long-arrow-alt-right\" aria-hidden=\"true\"><\/i><a href=\"https:\/\/wallandspace.org\/en\/projects\/block-party-at-mgh-pusteblume-join-us\/\"><\/a><\/div><div class=\"eael-entry-thumbnail \">\n                <img loading=\"lazy\" decoding=\"async\" width=\"640\" height=\"640\" src=\"https:\/\/wallandspace.org\/wp-content\/uploads\/2026\/04\/260409_Blockparty-Pusteblume-2-640x640.png\" class=\"attachment-projectgallery size-projectgallery wp-image-5622\" alt=\"\" srcset=\"https:\/\/wallandspace.org\/wp-content\/uploads\/2026\/04\/260409_Blockparty-Pusteblume-2-640x640.png 640w, https:\/\/wallandspace.org\/wp-content\/uploads\/2026\/04\/260409_Blockparty-Pusteblume-2-150x150.png 150w\" sizes=\"(max-width: 640px) 100vw, 640px\" \/>\n            <\/div>\n        <\/div><div class=\"eael-entry-wrapper\"><header class=\"eael-entry-header\"><h2 class=\"eael-entry-title\"><a class=\"eael-grid-post-link\" href=\"https:\/\/wallandspace.org\/en\/projects\/block-party-at-mgh-pusteblume-join-us\/\" title=\"Block Party at MGH Pusteblume \u2013 Join us!\">Block Party at MGH Pusteblume \u2013 Join us!<\/a><\/h2><\/header><div class=\"eael-entry-content\">\n                        <div class=\"eael-grid-post-excerpt\"><p>On May 8, 2026, from 2 pm to 7 pm, Halle-Neustadt will come alive with color, energy, and creativity: Wall & Space e.V. and Freiraumgalerie, together with local partners, warmly invite you to the next Block Party at the \"Pusteblume\" Intergenerational House (MGH).<\/p><a href=\"https:\/\/wallandspace.org\/en\/projects\/block-party-at-mgh-pusteblume-join-us\/\" class=\"eael-post-elements-readmore-btn\">more info<\/a><\/div>\n                    <\/div><\/div><\/div>\n        <\/div>\n    <\/article><\/div>\n            <div class=\"clearfix\"><\/div>\n        <\/div>            <div class=\"eael-load-more-button-wrap eael-force-hide\">\n                <button class=\"eael-load-more-button\" id=\"eael-load-more-btn-993520b\" data-widget-id=\"993520b\" data-widget=\"993520b\" data-page-id=\"3009\" data-template=\"{&quot;dir&quot;:&quot;lite&quot;,&quot;file_name&quot;:&quot;one.php&quot;,&quot;name&quot;:&quot;Post-Grid&quot;}\" data-class=\"Essential_Addons_Elementor\\Elements\\Post_Grid\" data-layout=\"grid\" data-page=\"1\" data-args=\"orderby=menu_order&amp;order=desc&amp;ignore_sticky_posts=1&amp;post_status=publish&amp;posts_per_page=12&amp;offset=0&amp;post_type=projects\" data-max-page=\"3\">\n                    <span class=\"eael-btn-loader button__loader\"><\/span>\n                    <span class=\"eael_load_more_text\">Load More<\/span>\n                <\/button>\n            <\/div>\n            \t\t\t\t<\/div>\n\t\t\t\t<\/div>\n\t\t\t\t\t<\/div>\n\t\t<\/div>\n\t\t\t\t\t<\/div>\n\t\t<\/section>\n\t\t\t\t<\/div>\n\t\t","protected":false},"excerpt":{"rendered":"<p>Who we are We are an interdisciplinary team striving to make the world more colorful. We are convinced that the city is for everyone. Our actions activate, support and strengthen local people. We are a Halle city official of children and youth work. What we do Our work combines urban art and urban culture with [&hellip;]<\/p>\n","protected":false},"author":1,"featured_media":0,"parent":0,"menu_order":0,"comment_status":"closed","ping_status":"closed","template":"","meta":{"_acf_changed":false,"footnotes":""},"class_list":["post-3009","page","type-page","status-publish","hentry"],"acf":[],"yoast_head":"<!-- This site is optimized with the Yoast SEO plugin v25.0 - https:\/\/yoast.com\/wordpress\/plugins\/seo\/ -->\n<title>Wall &amp; Space e.V. - Wallandspace<\/title>\n<meta name=\"robots\" content=\"index, follow, max-snippet:-1, max-image-preview:large, max-video-preview:-1\" \/>\n<link rel=\"canonical\" href=\"https:\/\/wallandspace.org\/en\/\" \/>\n<meta property=\"og:locale\" content=\"en_US\" \/>\n<meta property=\"og:type\" content=\"article\" \/>\n<meta property=\"og:title\" content=\"Wall &amp; Space e.V. - Wallandspace\" \/>\n<meta property=\"og:description\" content=\"Who we are We are an interdisciplinary team striving to make the world more colorful. We are convinced that the city is for everyone. Our actions activate, support and strengthen local people. We are a Halle city official of children and youth work. What we do Our work combines urban art and urban culture with [&hellip;]\" \/>\n<meta property=\"og:url\" content=\"https:\/\/wallandspace.org\/en\/\" \/>\n<meta property=\"og:site_name\" content=\"Wallandspace\" \/>\n<meta property=\"article:modified_time\" content=\"2021-02-18T10:27:55+00:00\" \/>\n<meta property=\"og:image\" content=\"https:\/\/wallandspace.org\/wp-content\/uploads\/2020\/12\/Teaser-Sitzskulptur-640x640.jpg\" \/>\n<meta name=\"twitter:card\" content=\"summary_large_image\" \/>\n<meta name=\"twitter:label1\" content=\"Est. reading time\" \/>\n\t<meta name=\"twitter:data1\" content=\"5 minutes\" \/>\n<script type=\"application\/ld+json\" class=\"yoast-schema-graph\">{\"@context\":\"https:\/\/schema.org\",\"@graph\":[{\"@type\":\"WebPage\",\"@id\":\"https:\/\/wallandspace.org\/en\/\",\"url\":\"https:\/\/wallandspace.org\/en\/\",\"name\":\"Wall & Space e.V. - Wallandspace\",\"isPartOf\":{\"@id\":\"https:\/\/wallandspace.org\/#website\"},\"primaryImageOfPage\":{\"@id\":\"https:\/\/wallandspace.org\/en\/#primaryimage\"},\"image\":{\"@id\":\"https:\/\/wallandspace.org\/en\/#primaryimage\"},\"thumbnailUrl\":\"https:\/\/wallandspace.org\/wp-content\/uploads\/2020\/12\/Teaser-Sitzskulptur-640x640.jpg\",\"datePublished\":\"2020-12-11T10:51:28+00:00\",\"dateModified\":\"2021-02-18T10:27:55+00:00\",\"inLanguage\":\"en-US\",\"potentialAction\":[{\"@type\":\"ReadAction\",\"target\":[\"https:\/\/wallandspace.org\/en\/\"]}]},{\"@type\":\"ImageObject\",\"inLanguage\":\"en-US\",\"@id\":\"https:\/\/wallandspace.org\/en\/#primaryimage\",\"url\":\"https:\/\/wallandspace.org\/wp-content\/uploads\/2020\/12\/Teaser-Sitzskulptur-640x640.jpg\",\"contentUrl\":\"https:\/\/wallandspace.org\/wp-content\/uploads\/2020\/12\/Teaser-Sitzskulptur-640x640.jpg\"},{\"@type\":\"WebSite\",\"@id\":\"https:\/\/wallandspace.org\/#website\",\"url\":\"https:\/\/wallandspace.org\/\",\"name\":\"Wallandspace\",\"description\":\"Kunst und Kulturorganisation\",\"publisher\":{\"@id\":\"https:\/\/wallandspace.org\/#organization\"},\"potentialAction\":[{\"@type\":\"SearchAction\",\"target\":{\"@type\":\"EntryPoint\",\"urlTemplate\":\"https:\/\/wallandspace.org\/?s={search_term_string}\"},\"query-input\":{\"@type\":\"PropertyValueSpecification\",\"valueRequired\":true,\"valueName\":\"search_term_string\"}}],\"inLanguage\":\"en-US\"},{\"@type\":\"Organization\",\"@id\":\"https:\/\/wallandspace.org\/#organization\",\"name\":\"Wallandspace\",\"url\":\"https:\/\/wallandspace.org\/\",\"logo\":{\"@type\":\"ImageObject\",\"inLanguage\":\"en-US\",\"@id\":\"https:\/\/wallandspace.org\/#\/schema\/logo\/image\/\",\"url\":\"https:\/\/wallandspace.org\/wp-content\/uploads\/2020\/06\/cropped-WALLSPACE_colored-1-4-1-1.png\",\"contentUrl\":\"https:\/\/wallandspace.org\/wp-content\/uploads\/2020\/06\/cropped-WALLSPACE_colored-1-4-1-1.png\",\"width\":1624,\"height\":500,\"caption\":\"Wallandspace\"},\"image\":{\"@id\":\"https:\/\/wallandspace.org\/#\/schema\/logo\/image\/\"}}]}<\/script>\n<!-- \/ Yoast SEO plugin. -->","yoast_head_json":{"title":"Wall & Space e.V. - Wallandspace","robots":{"index":"index","follow":"follow","max-snippet":"max-snippet:-1","max-image-preview":"max-image-preview:large","max-video-preview":"max-video-preview:-1"},"canonical":"https:\/\/wallandspace.org\/en\/","og_locale":"en_US","og_type":"article","og_title":"Wall & Space e.V. - Wallandspace","og_description":"Who we are We are an interdisciplinary team striving to make the world more colorful. We are convinced that the city is for everyone. Our actions activate, support and strengthen local people. We are a Halle city official of children and youth work. What we do Our work combines urban art and urban culture with [&hellip;]","og_url":"https:\/\/wallandspace.org\/en\/","og_site_name":"Wallandspace","article_modified_time":"2021-02-18T10:27:55+00:00","og_image":[{"url":"https:\/\/wallandspace.org\/wp-content\/uploads\/2020\/12\/Teaser-Sitzskulptur-640x640.jpg","type":"","width":"","height":""}],"twitter_card":"summary_large_image","twitter_misc":{"Est. reading time":"5 minutes"},"schema":{"@context":"https:\/\/schema.org","@graph":[{"@type":"WebPage","@id":"https:\/\/wallandspace.org\/en\/","url":"https:\/\/wallandspace.org\/en\/","name":"Wall & Space e.V. - Wallandspace","isPartOf":{"@id":"https:\/\/wallandspace.org\/#website"},"primaryImageOfPage":{"@id":"https:\/\/wallandspace.org\/en\/#primaryimage"},"image":{"@id":"https:\/\/wallandspace.org\/en\/#primaryimage"},"thumbnailUrl":"https:\/\/wallandspace.org\/wp-content\/uploads\/2020\/12\/Teaser-Sitzskulptur-640x640.jpg","datePublished":"2020-12-11T10:51:28+00:00","dateModified":"2021-02-18T10:27:55+00:00","inLanguage":"en-US","potentialAction":[{"@type":"ReadAction","target":["https:\/\/wallandspace.org\/en\/"]}]},{"@type":"ImageObject","inLanguage":"en-US","@id":"https:\/\/wallandspace.org\/en\/#primaryimage","url":"https:\/\/wallandspace.org\/wp-content\/uploads\/2020\/12\/Teaser-Sitzskulptur-640x640.jpg","contentUrl":"https:\/\/wallandspace.org\/wp-content\/uploads\/2020\/12\/Teaser-Sitzskulptur-640x640.jpg"},{"@type":"WebSite","@id":"https:\/\/wallandspace.org\/#website","url":"https:\/\/wallandspace.org\/","name":"Wallandspace","description":"Kunst und Kulturorganisation","publisher":{"@id":"https:\/\/wallandspace.org\/#organization"},"potentialAction":[{"@type":"SearchAction","target":{"@type":"EntryPoint","urlTemplate":"https:\/\/wallandspace.org\/?s={search_term_string}"},"query-input":{"@type":"PropertyValueSpecification","valueRequired":true,"valueName":"search_term_string"}}],"inLanguage":"en-US"},{"@type":"Organization","@id":"https:\/\/wallandspace.org\/#organization","name":"Wallandspace","url":"https:\/\/wallandspace.org\/","logo":{"@type":"ImageObject","inLanguage":"en-US","@id":"https:\/\/wallandspace.org\/#\/schema\/logo\/image\/","url":"https:\/\/wallandspace.org\/wp-content\/uploads\/2020\/06\/cropped-WALLSPACE_colored-1-4-1-1.png","contentUrl":"https:\/\/wallandspace.org\/wp-content\/uploads\/2020\/06\/cropped-WALLSPACE_colored-1-4-1-1.png","width":1624,"height":500,"caption":"Wallandspace"},"image":{"@id":"https:\/\/wallandspace.org\/#\/schema\/logo\/image\/"}}]}},"_links":{"self":[{"href":"https:\/\/wallandspace.org\/en\/wp-json\/wp\/v2\/pages\/3009","targetHints":{"allow":["GET"]}}],"collection":[{"href":"https:\/\/wallandspace.org\/en\/wp-json\/wp\/v2\/pages"}],"about":[{"href":"https:\/\/wallandspace.org\/en\/wp-json\/wp\/v2\/types\/page"}],"author":[{"embeddable":true,"href":"https:\/\/wallandspace.org\/en\/wp-json\/wp\/v2\/users\/1"}],"replies":[{"embeddable":true,"href":"https:\/\/wallandspace.org\/en\/wp-json\/wp\/v2\/comments?post=3009"}],"version-history":[{"count":31,"href":"https:\/\/wallandspace.org\/en\/wp-json\/wp\/v2\/pages\/3009\/revisions"}],"predecessor-version":[{"id":3709,"href":"https:\/\/wallandspace.org\/en\/wp-json\/wp\/v2\/pages\/3009\/revisions\/3709"}],"wp:attachment":[{"href":"https:\/\/wallandspace.org\/en\/wp-json\/wp\/v2\/media?parent=3009"}],"curies":[{"name":"wp","href":"https:\/\/api.w.org\/{rel}","templated":true}]}}